{"id":1808,"date":"2025-12-05T21:43:57","date_gmt":"2025-12-05T21:43:57","guid":{"rendered":"https:\/\/icad.dental\/lab-services\/uncategorized\/custom-shade-stain\/"},"modified":"2026-02-24T19:41:09","modified_gmt":"2026-02-24T19:41:09","slug":"teinte-personnalisee","status":"publish","type":"services","link":"https:\/\/icad.dental\/fr\/lab-services\/teinte-stain\/teinte-personnalisee\/","title":{"rendered":"Teinte personnalis\u00e9e"},"content":{"rendered":"\n<section class=\"wp-block-group alignfull banner_special general_padding_long light has-white-background-color has-background is-layout-flow wp-block-group-is-layout-flow\">\n<div class=\"wp-block-buttons v2_reverse button_float is-layout-flex wp-block-buttons-is-layout-flex\">\n<div class=\"wp-block-button\"><a class=\"wp-block-button__link wp-element-button\" href=\"https:\/\/icad.dental\/fr\/services-de-laboratoire\/\">Retour<\/a><\/div>\n<\/div>\n\n\n\n<div class=\"wp-block-columns columns is-layout-flex wp-container-core-columns-is-layout-28f84493 wp-block-columns-is-layout-flex\">\n<div class=\"wp-block-column left is-layout-flow wp-block-column-is-layout-flow\" style=\"flex-basis:50%\">\n<figure class=\"wp-block-image size-full image-fixed-animation\"><img decoding=\"async\" width=\"2560\" height=\"1920\" src=\"https:\/\/icad.dental\/wp-content\/uploads\/2025\/12\/Custom-Shade-Matching-min-1-scaled.jpg\" alt=\"\" class=\"wp-image-1415\" srcset=\"https:\/\/icad.dental\/wp-content\/uploads\/2025\/12\/Custom-Shade-Matching-min-1-scaled.jpg 2560w, https:\/\/icad.dental\/wp-content\/uploads\/2025\/12\/Custom-Shade-Matching-min-1-300x225.jpg 300w, https:\/\/icad.dental\/wp-content\/uploads\/2025\/12\/Custom-Shade-Matching-min-1-1024x768.jpg 1024w, https:\/\/icad.dental\/wp-content\/uploads\/2025\/12\/Custom-Shade-Matching-min-1-768x576.jpg 768w, https:\/\/icad.dental\/wp-content\/uploads\/2025\/12\/Custom-Shade-Matching-min-1-1536x1152.jpg 1536w, https:\/\/icad.dental\/wp-content\/uploads\/2025\/12\/Custom-Shade-Matching-min-1-2048x1536.jpg 2048w\" sizes=\"(max-width: 2560px) 100vw, 2560px\" \/><\/figure>\n<\/div>\n\n\n\n<div class=\"wp-block-column right is-layout-flow wp-block-column-is-layout-flow\" style=\"flex-basis:50%\">\n<h3 class=\"wp-block-heading has-slate-gray-color has-text-color has-link-color wp-elements-fb926d789c079e73115244892d3f5f24\" style=\"font-style:normal;font-weight:300;text-transform:uppercase\">TEINTE PERSONNALIS\u00c9E<\/h3>\n\n\n\n<div style=\"height:4rem\" aria-hidden=\"true\" class=\"wp-block-spacer\"><\/div>\n\n\n\n<p>Notre service de teinte personnalis\u00e9e en laboratoire garantit un ajustement pr\u00e9cis des couleurs pour les cas ant\u00e9rieurs ou \u00e0 haute exigence esth\u00e9tique. Les patients peuvent visiter notre laboratoire pour un rendez-vous personnalis\u00e9 avec l\u2019un de nos techniciens certifi\u00e9s.<\/p>\n\n\n\n<div style=\"height:4rem\" aria-hidden=\"true\" class=\"wp-block-spacer\"><\/div>\n\n\n\n<div class=\"wp-block-buttons v2 is-layout-flex wp-block-buttons-is-layout-flex\">\n<div class=\"wp-block-button\"><a class=\"wp-block-button__link wp-element-button\" href=\"https:\/\/icad.dental\/fr\/reservez-maintenant\/\" target=\"_blank\" rel=\"noreferrer noopener\">Prenez rendez-vous<\/a><\/div>\n<\/div>\n<\/div>\n<\/div>\n<\/section>\n\n\n\n<section class=\"wp-block-group alignfull general_padding_long padding_top_none light has-white-background-color has-background is-layout-flow wp-block-group-is-layout-flow\">\n<hr class=\"wp-block-separator has-alpha-channel-opacity all\"\/>\n\n\n\r\n<div class=\"accordion_special align wp-block-acf-accordion\">\r\n    <button class=\"accordionToggle\">\r\n        <span class=\"title\">Teinte personnalis\u00e9e<\/span>\r\n\r\n        <span class=\"icon\">\r\n            <span class=\"open\">Ouvrir<\/span>\r\n            <span class=\"close\">Fermer<\/span>\r\n        <\/span>\r\n    <\/button>\r\n\r\n    <div class=\"accordionContent\">\r\n\r\n        <p>Notre service de teinte personnalis\u00e9e en laboratoire garantit un ajustement pr\u00e9cis des couleurs pour les cas ant\u00e9rieurs ou \u00e0 haute exigence esth\u00e9tique. Les patients peuvent visiter notre laboratoire pour un rendez-vous personnalis\u00e9 avec l\u2019un de nos techniciens certifi\u00e9s.<\/p>\n\r\n\r\n                <div class=\"wp-block-buttons v2 is-layout-flex wp-block-buttons-is-layout-flex\">\r\n            <div class=\"wp-block-button\">\r\n                <a class=\"wp-block-button__link wp-element-button\">\r\n                    Caract\u00e9ristiques &amp; Avantages                <\/a>\r\n            <\/div>\r\n        <\/div>\r\n        \r\n        <ul class=\"accordion-keys\"><li>Correspondance pr\u00e9cise des teintes \u00e0 la lumi\u00e8re naturelle<\/li><li>Collaboration technicien-patient pour un r\u00e9sultat optimal<\/li><li>R\u00e9duction des reprises et des ajustements au fauteuil<\/li><li>Id\u00e9al pour les couronnes ant\u00e9rieures, facettes et implants<\/li><li>R\u00e9sultats constants dans les zones \u00e0 haute visibilit\u00e9<\/li><\/ul>    <\/div>\r\n<\/div>\r\n<div class=\"accordion_special align wp-block-acf-accordion\">\r\n    <button class=\"accordionToggle\">\r\n        <span class=\"title\">Maquillage personnalis\u00e9<\/span>\r\n\r\n        <span class=\"icon\">\r\n            <span class=\"open\">Ouvrir<\/span>\r\n            <span class=\"close\">Fermer<\/span>\r\n        <\/span>\r\n    <\/button>\r\n\r\n    <div class=\"accordionContent\">\r\n\r\n        <p>Le maquillage de surface personnalis\u00e9 ajoute du caract\u00e8re, de la profondeur et du d\u00e9tail aux restaurations \u2013 en particulier pour harmoniser avec les dents voisines ou pour une esth\u00e9tique r\u00e9aliste. Ce service est exclusivement r\u00e9alis\u00e9 en laboratoire par nos techniciens exp\u00e9riment\u00e9s.<\/p>\n\r\n\r\n                <div class=\"wp-block-buttons v2 is-layout-flex wp-block-buttons-is-layout-flex\">\r\n            <div class=\"wp-block-button\">\r\n                <a class=\"wp-block-button__link wp-element-button\">\r\n                    Caract\u00e9ristiques &amp; Avantages                <\/a>\r\n            <\/div>\r\n        <\/div>\r\n        \r\n        <ul class=\"accordion-keys\"><li>Texture de surface et chroma personnalis\u00e9s<\/li><li>Am\u00e9liore le r\u00e9alisme des restaurations ant\u00e9rieures<\/li><li>Id\u00e9al pour les unit\u00e9s uniques ou couronnes tr\u00e8s esth\u00e9tiques<\/li><li>Favorise une correspondance pr\u00e9cise avec la dentition naturelle<\/li><li>Applicable \u00e0 la zircone, e.max, PFM ou c\u00e9ramiques stratifi\u00e9es<\/li><\/ul>    <\/div>\r\n<\/div>\r\n\n\n\n<div style=\"height:6rem\" aria-hidden=\"true\" class=\"wp-block-spacer\"><\/div>\n<\/section>\n\n\n\n<section class=\"wp-block-group alignfull padding_general d-none is-layout-flow wp-block-group-is-layout-flow\">\n<div style=\"height:6rem\" aria-hidden=\"true\" class=\"wp-block-spacer\"><\/div>\n\n\n\n<iframe src='http:\/\/outlook.office.com\/book\/DemoTestBookingPage@icad.dental\/?ismsaljsauthenabled' width='100%' height='900px' scrolling='yes' style='border:0'><\/iframe>\n<\/section>\n\n\n\n<section class=\"wp-block-group alignfull content_image padding_generali light d-none is-layout-flow wp-block-group-is-layout-flow\">\n<div class=\"wp-block-group wrapper_content is-layout-flow wp-block-group-is-layout-flow\">\n<figure class=\"wp-block-image size-large image-fixed-animation-auto\"><img decoding=\"async\" width=\"1024\" height=\"265\" src=\"https:\/\/icad.dental\/wp-content\/uploads\/2025\/10\/bg_barre-1024x265.png\" alt=\"\" class=\"wp-image-835\" srcset=\"https:\/\/icad.dental\/wp-content\/uploads\/2025\/10\/bg_barre-1024x265.png 1024w, https:\/\/icad.dental\/wp-content\/uploads\/2025\/10\/bg_barre-300x78.png 300w, https:\/\/icad.dental\/wp-content\/uploads\/2025\/10\/bg_barre-768x199.png 768w, https:\/\/icad.dental\/wp-content\/uploads\/2025\/10\/bg_barre-1536x397.png 1536w, https:\/\/icad.dental\/wp-content\/uploads\/2025\/10\/bg_barre.png 1760w\" sizes=\"(max-width: 1024px) 100vw, 1024px\" \/><\/figure>\n\n\n\n<div class=\"wp-block-group float_content is-layout-flow wp-block-group-is-layout-flow\">\n<h3 class=\"wp-block-heading has-text-align-center has-light-gray-color has-text-color has-link-color wp-elements-f0264a4015f24bd55b23b1d871da7c94\" style=\"font-style:normal;font-weight:200\">looking for something specific?<\/h3>\n\n\n\n<div style=\"height:4rem\" aria-hidden=\"true\" class=\"wp-block-spacer\"><\/div>\n\n\n\n<p class=\"has-text-align-center max_div_text has-white-color has-text-color has-link-color wp-elements-11cfc17a12ecb08033cb1bfc36126419\">If you don\u2019t see exactly what you need, give us a call. We offer a wide range of custom solutions beyond what\u2019s listed \u2013 and we\u2019re happy to help you find the perfect fit.<\/p>\n\n\n\n<div style=\"height:4rem\" aria-hidden=\"true\" class=\"wp-block-spacer\"><\/div>\n\n\n\n<div class=\"wp-block-buttons v1 is-content-justification-center is-layout-flex wp-container-core-buttons-is-layout-a89b3969 wp-block-buttons-is-layout-flex\">\n<div class=\"wp-block-button\"><a class=\"wp-block-button__link wp-element-button\" href=\"https:\/\/icad.dental\/fr\/contactez-nous\/\">Contact us<\/a><\/div>\n<\/div>\n<\/div>\n<\/div>\n<\/section>\n\n\n\n<div class=\"wp-block-group alignfull deux_blocks padding_generali is-layout-flow wp-block-group-is-layout-flow\">\n<div class=\"wp-block-columns is-layout-flex wp-container-core-columns-is-layout-28f84493 wp-block-columns-is-layout-flex\">\n<div class=\"wp-block-column is-vertically-aligned-stretch left is-layout-flow wp-block-column-is-layout-flow\" style=\"flex-basis:36%\">\n<figure class=\"wp-block-image size-full image-fixed-animation\"><img decoding=\"async\" src=\"https:\/\/icad.dental\/wp-content\/uploads\/2025\/12\/welcome_kit_request_banner-1-scaled.png\" alt=\"\" class=\"wp-image-1331\"\/><\/figure>\n<\/div>\n\n\n\n<div class=\"wp-block-column is-vertically-aligned-stretch right has-background is-layout-flow wp-block-column-is-layout-flow\" style=\"background-color:#dfe3e6;flex-basis:64%\">\n<div class=\"wp-block-group max_div content is-layout-flow wp-block-group-is-layout-flow\">\n<h3 class=\"wp-block-heading has-slate-gray-color has-text-color has-link-color wp-elements-ae631b81e1564e981a5429c63e81dab0\" style=\"font-style:normal;font-weight:200\">DEMANDEZ VOTRE TROUSSE DE BIENVENUE POUR D\u00c9COUVRIR NOS SERVICES ET SAVOIR COMMENT COMMENCER.<\/h3>\n\n\n\n<div style=\"height:4rem\" aria-hidden=\"true\" class=\"wp-block-spacer\"><\/div>\n\n\n\n<div class=\"wp-block-buttons v2 is-layout-flex wp-block-buttons-is-layout-flex\">\n<div class=\"wp-block-button\"><a class=\"wp-block-button__link wp-element-button\" href=\"https:\/\/icad.dental\/fr\/contactez-nous\/\" target=\"_blank\" rel=\"noreferrer noopener\">Contactez-nous<\/a><\/div>\n<\/div>\n<\/div>\n<\/div>\n<\/div>\n<\/div>\n\n\n\n<div style=\"height:8rem\" aria-hidden=\"true\" class=\"wp-block-spacer light\"><\/div>\n","protected":false},"excerpt":{"rendered":"<p>TEINTE PERSONNALIS\u00c9E Notre service de teinte personnalis\u00e9e en laboratoire garantit un ajustement pr\u00e9cis des couleurs pour les cas ant\u00e9rieurs ou \u00e0 haute exigence esth\u00e9tique. Les patients peuvent visiter notre laboratoire pour un rendez-vous personnalis\u00e9 avec l\u2019un de nos techniciens certifi\u00e9s. looking for something specific? If you don\u2019t see exactly what you need, give us a [&hellip;]<\/p>\n","protected":false},"featured_media":1358,"menu_order":0,"template":"","meta":{"_acf_changed":true,"inline_featured_image":false},"categorie-services":[21],"class_list":["post-1808","services","type-services","status-publish","has-post-thumbnail","hentry","categorie-services-teinte-stain"],"acf":[],"yoast_head":"<!-- This site is optimized with the Yoast SEO plugin v27.2 - https:\/\/yoast.com\/product\/yoast-seo-wordpress\/ -->\n<title>Teinte personnalis\u00e9e | icad<\/title>\n<meta name=\"robots\" content=\"index, follow, max-snippet:-1, max-image-preview:large, max-video-preview:-1\" \/>\n<link rel=\"canonical\" href=\"https:\/\/icad.dental\/fr\/lab-services\/teinte-stain\/teinte-personnalisee\/\" \/>\n<meta property=\"og:locale\" content=\"fr_FR\" \/>\n<meta property=\"og:type\" content=\"article\" \/>\n<meta property=\"og:title\" content=\"Teinte personnalis\u00e9e | icad\" \/>\n<meta property=\"og:description\" content=\"TEINTE PERSONNALIS\u00c9E Notre service de teinte personnalis\u00e9e en laboratoire garantit un ajustement pr\u00e9cis des couleurs pour les cas ant\u00e9rieurs ou \u00e0 haute exigence esth\u00e9tique. Les patients peuvent visiter notre laboratoire pour un rendez-vous personnalis\u00e9 avec l\u2019un de nos techniciens certifi\u00e9s. looking for something specific? If you don\u2019t see exactly what you need, give us a [&hellip;]\" \/>\n<meta property=\"og:url\" content=\"https:\/\/icad.dental\/fr\/lab-services\/teinte-stain\/teinte-personnalisee\/\" \/>\n<meta property=\"og:site_name\" content=\"icad\" \/>\n<meta property=\"article:modified_time\" content=\"2026-02-24T19:41:09+00:00\" \/>\n<meta property=\"og:image\" content=\"https:\/\/icad.dental\/wp-content\/uploads\/2025\/12\/customshade-scaled.jpg\" \/>\n\t<meta property=\"og:image:width\" content=\"2560\" \/>\n\t<meta property=\"og:image:height\" content=\"1920\" \/>\n\t<meta property=\"og:image:type\" content=\"image\/jpeg\" \/>\n<meta name=\"twitter:card\" content=\"summary_large_image\" \/>\n<meta name=\"twitter:label1\" content=\"Dur\u00e9e de lecture estim\u00e9e\" \/>\n\t<meta name=\"twitter:data1\" content=\"2 minutes\" \/>\n<script type=\"application\/ld+json\" class=\"yoast-schema-graph\">{\"@context\":\"https:\/\/schema.org\",\"@graph\":[{\"@type\":\"WebPage\",\"@id\":\"https:\/\/icad.dental\/fr\/lab-services\/teinte-stain\/teinte-personnalisee\/\",\"url\":\"https:\/\/icad.dental\/fr\/lab-services\/teinte-stain\/teinte-personnalisee\/\",\"name\":\"Teinte personnalis\u00e9e | icad\",\"isPartOf\":{\"@id\":\"https:\/\/icad.dental\/#website\"},\"primaryImageOfPage\":{\"@id\":\"https:\/\/icad.dental\/fr\/lab-services\/teinte-stain\/teinte-personnalisee\/#primaryimage\"},\"image\":{\"@id\":\"https:\/\/icad.dental\/fr\/lab-services\/teinte-stain\/teinte-personnalisee\/#primaryimage\"},\"thumbnailUrl\":\"https:\/\/icad.dental\/wp-content\/uploads\/2025\/12\/customshade-scaled.jpg\",\"datePublished\":\"2025-12-05T21:43:57+00:00\",\"dateModified\":\"2026-02-24T19:41:09+00:00\",\"breadcrumb\":{\"@id\":\"https:\/\/icad.dental\/fr\/lab-services\/teinte-stain\/teinte-personnalisee\/#breadcrumb\"},\"inLanguage\":\"fr-FR\",\"potentialAction\":[{\"@type\":\"ReadAction\",\"target\":[\"https:\/\/icad.dental\/fr\/lab-services\/teinte-stain\/teinte-personnalisee\/\"]}]},{\"@type\":\"ImageObject\",\"inLanguage\":\"fr-FR\",\"@id\":\"https:\/\/icad.dental\/fr\/lab-services\/teinte-stain\/teinte-personnalisee\/#primaryimage\",\"url\":\"https:\/\/icad.dental\/wp-content\/uploads\/2025\/12\/customshade-scaled.jpg\",\"contentUrl\":\"https:\/\/icad.dental\/wp-content\/uploads\/2025\/12\/customshade-scaled.jpg\",\"width\":2560,\"height\":1920},{\"@type\":\"BreadcrumbList\",\"@id\":\"https:\/\/icad.dental\/fr\/lab-services\/teinte-stain\/teinte-personnalisee\/#breadcrumb\",\"itemListElement\":[{\"@type\":\"ListItem\",\"position\":1,\"name\":\"Home\",\"item\":\"https:\/\/icad.dental\/fr\/\"},{\"@type\":\"ListItem\",\"position\":2,\"name\":\"Teinte personnalis\u00e9e\"}]},{\"@type\":\"WebSite\",\"@id\":\"https:\/\/icad.dental\/#website\",\"url\":\"https:\/\/icad.dental\/\",\"name\":\"iCad Dental | Computer Aided Design & 3D Print | Ottawa\",\"description\":\"A dedicated digital dentistry department that specializes in CAD &amp; 3D printing.\",\"publisher\":{\"@id\":\"https:\/\/icad.dental\/#organization\"},\"potentialAction\":[{\"@type\":\"SearchAction\",\"target\":{\"@type\":\"EntryPoint\",\"urlTemplate\":\"https:\/\/icad.dental\/?s={search_term_string}\"},\"query-input\":{\"@type\":\"PropertyValueSpecification\",\"valueRequired\":true,\"valueName\":\"search_term_string\"}}],\"inLanguage\":\"fr-FR\"},{\"@type\":\"Organization\",\"@id\":\"https:\/\/icad.dental\/#organization\",\"name\":\"iCad Dental | Computer Aided Design & 3D Print | Ottawa\",\"url\":\"https:\/\/icad.dental\/\",\"logo\":{\"@type\":\"ImageObject\",\"inLanguage\":\"fr-FR\",\"@id\":\"https:\/\/icad.dental\/#\/schema\/logo\/image\/\",\"url\":\"https:\/\/icad.dental\/wp-content\/uploads\/2025\/08\/icad_color.png\",\"contentUrl\":\"https:\/\/icad.dental\/wp-content\/uploads\/2025\/08\/icad_color.png\",\"width\":125,\"height\":56,\"caption\":\"iCad Dental | Computer Aided Design & 3D Print | Ottawa\"},\"image\":{\"@id\":\"https:\/\/icad.dental\/#\/schema\/logo\/image\/\"}}]}<\/script>\n<!-- \/ Yoast SEO plugin. -->","yoast_head_json":{"title":"Teinte personnalis\u00e9e | icad","robots":{"index":"index","follow":"follow","max-snippet":"max-snippet:-1","max-image-preview":"max-image-preview:large","max-video-preview":"max-video-preview:-1"},"canonical":"https:\/\/icad.dental\/fr\/lab-services\/teinte-stain\/teinte-personnalisee\/","og_locale":"fr_FR","og_type":"article","og_title":"Teinte personnalis\u00e9e | icad","og_description":"TEINTE PERSONNALIS\u00c9E Notre service de teinte personnalis\u00e9e en laboratoire garantit un ajustement pr\u00e9cis des couleurs pour les cas ant\u00e9rieurs ou \u00e0 haute exigence esth\u00e9tique. Les patients peuvent visiter notre laboratoire pour un rendez-vous personnalis\u00e9 avec l\u2019un de nos techniciens certifi\u00e9s. looking for something specific? If you don\u2019t see exactly what you need, give us a [&hellip;]","og_url":"https:\/\/icad.dental\/fr\/lab-services\/teinte-stain\/teinte-personnalisee\/","og_site_name":"icad","article_modified_time":"2026-02-24T19:41:09+00:00","og_image":[{"width":2560,"height":1920,"url":"https:\/\/icad.dental\/wp-content\/uploads\/2025\/12\/customshade-scaled.jpg","type":"image\/jpeg"}],"twitter_card":"summary_large_image","twitter_misc":{"Dur\u00e9e de lecture estim\u00e9e":"2 minutes"},"schema":{"@context":"https:\/\/schema.org","@graph":[{"@type":"WebPage","@id":"https:\/\/icad.dental\/fr\/lab-services\/teinte-stain\/teinte-personnalisee\/","url":"https:\/\/icad.dental\/fr\/lab-services\/teinte-stain\/teinte-personnalisee\/","name":"Teinte personnalis\u00e9e | icad","isPartOf":{"@id":"https:\/\/icad.dental\/#website"},"primaryImageOfPage":{"@id":"https:\/\/icad.dental\/fr\/lab-services\/teinte-stain\/teinte-personnalisee\/#primaryimage"},"image":{"@id":"https:\/\/icad.dental\/fr\/lab-services\/teinte-stain\/teinte-personnalisee\/#primaryimage"},"thumbnailUrl":"https:\/\/icad.dental\/wp-content\/uploads\/2025\/12\/customshade-scaled.jpg","datePublished":"2025-12-05T21:43:57+00:00","dateModified":"2026-02-24T19:41:09+00:00","breadcrumb":{"@id":"https:\/\/icad.dental\/fr\/lab-services\/teinte-stain\/teinte-personnalisee\/#breadcrumb"},"inLanguage":"fr-FR","potentialAction":[{"@type":"ReadAction","target":["https:\/\/icad.dental\/fr\/lab-services\/teinte-stain\/teinte-personnalisee\/"]}]},{"@type":"ImageObject","inLanguage":"fr-FR","@id":"https:\/\/icad.dental\/fr\/lab-services\/teinte-stain\/teinte-personnalisee\/#primaryimage","url":"https:\/\/icad.dental\/wp-content\/uploads\/2025\/12\/customshade-scaled.jpg","contentUrl":"https:\/\/icad.dental\/wp-content\/uploads\/2025\/12\/customshade-scaled.jpg","width":2560,"height":1920},{"@type":"BreadcrumbList","@id":"https:\/\/icad.dental\/fr\/lab-services\/teinte-stain\/teinte-personnalisee\/#breadcrumb","itemListElement":[{"@type":"ListItem","position":1,"name":"Home","item":"https:\/\/icad.dental\/fr\/"},{"@type":"ListItem","position":2,"name":"Teinte personnalis\u00e9e"}]},{"@type":"WebSite","@id":"https:\/\/icad.dental\/#website","url":"https:\/\/icad.dental\/","name":"iCad Dental | Computer Aided Design & 3D Print | Ottawa","description":"A dedicated digital dentistry department that specializes in CAD &amp; 3D printing.","publisher":{"@id":"https:\/\/icad.dental\/#organization"},"potentialAction":[{"@type":"SearchAction","target":{"@type":"EntryPoint","urlTemplate":"https:\/\/icad.dental\/?s={search_term_string}"},"query-input":{"@type":"PropertyValueSpecification","valueRequired":true,"valueName":"search_term_string"}}],"inLanguage":"fr-FR"},{"@type":"Organization","@id":"https:\/\/icad.dental\/#organization","name":"iCad Dental | Computer Aided Design & 3D Print | Ottawa","url":"https:\/\/icad.dental\/","logo":{"@type":"ImageObject","inLanguage":"fr-FR","@id":"https:\/\/icad.dental\/#\/schema\/logo\/image\/","url":"https:\/\/icad.dental\/wp-content\/uploads\/2025\/08\/icad_color.png","contentUrl":"https:\/\/icad.dental\/wp-content\/uploads\/2025\/08\/icad_color.png","width":125,"height":56,"caption":"iCad Dental | Computer Aided Design & 3D Print | Ottawa"},"image":{"@id":"https:\/\/icad.dental\/#\/schema\/logo\/image\/"}}]}},"_links":{"self":[{"href":"https:\/\/icad.dental\/fr\/wp-json\/wp\/v2\/services\/1808","targetHints":{"allow":["GET"]}}],"collection":[{"href":"https:\/\/icad.dental\/fr\/wp-json\/wp\/v2\/services"}],"about":[{"href":"https:\/\/icad.dental\/fr\/wp-json\/wp\/v2\/types\/services"}],"wp:featuredmedia":[{"embeddable":true,"href":"https:\/\/icad.dental\/fr\/wp-json\/wp\/v2\/media\/1358"}],"wp:attachment":[{"href":"https:\/\/icad.dental\/fr\/wp-json\/wp\/v2\/media?parent=1808"}],"wp:term":[{"taxonomy":"categorie-services","embeddable":true,"href":"https:\/\/icad.dental\/fr\/wp-json\/wp\/v2\/categorie-services?post=1808"}],"curies":[{"name":"wp","href":"https:\/\/api.w.org\/{rel}","templated":true}]}}